{"version":"1.0","provider_name":"Blogom...","provider_url":"https:\/\/krbarbi.cafeblog.hu","author_name":"KrBarbi","author_url":"https:\/\/krbarbi.cafeblog.hu\/author\/KrBarbi-2\/","title":"3.","html":"<P>&nbsp;M\u00e9g mindig itt \u0151rl\u0151d\u00f6k a mel\u00f3 miatt... <\/P>\r\n<P>Musz\u00e1jb\u00f3l maradjak? \u00d6sszeszor\u00edtott foggal b\u00edrjam ki m\u00e9g j\u00falius 31.ig, hogy legyen p\u00e9nzem,azt\u00e1n hagyjam ott?! Nem tudom. Meg\u0151r\u00fcl\u00f6k..Nem akarok itt dolgozni..Ez megint egy olyan hely, hogy ha itt maradok, akkor \u00e9letem v\u00e9g\u00e9ig itt maradok.Azt pedig nem akarom. Valami \u00fcgyint\u00e9z\u0151i, adminisztr\u00e1tori munk\u00e1t szeretn\u00e9k,nem elad\u00f3it,f\u0151leg nem ilyen beoszt\u00e1ssal..Semmire nem marad id\u0151,vas\u00e1rnap is este 7-ig..\u00e1hh...<\/P>\r\n<P>Mit csin\u00e1ljak?Hagyjam ott?Tal\u00e1n lesz m\u00e1sik..De addig? \u00c1ll\u00e1sinterj\u00fara sem tudok elmenni,s\u0151t m\u00e9g a telefont sem tudom felvenni,ha h\u00edvn\u00e1nak interj\u00fa miatt....<\/P>\r\n<P>Milyen vil\u00e1g ez?!<\/P>","type":"rich"}